{"id":525,"date":"2018-01-09T14:27:28","date_gmt":"2018-01-09T12:27:28","guid":{"rendered":"http:\/\/smk-art.de\/art\/?page_id=525"},"modified":"2024-11-02T14:55:20","modified_gmt":"2024-11-02T12:55:20","slug":"kurse","status":"publish","type":"page","link":"https:\/\/smk-art.de\/art\/kurse\/","title":{"rendered":"Seminare"},"content":{"rendered":"\n<p>Meine Arbeit als Dozentin in der bildenden Kunst ist sehr vielf\u00e4ltig und bedarf einer individuellen Anpassung der L\u00f6sung f\u00fcr Ihre Fragen. Das individuelle Anliegen eines Menschen zu verstehen und die passenden k\u00fcnstlerischen Ausdrucksmittel gemeinsam zu erarbeiten, ist das Ziel meiner Arbeit. Ich biete Seminare, Workshops, sowie <strong>Einzelberatung\/Coaching<\/strong> im Bereich&nbsp;<strong>BILDENDE KUNST<\/strong>&nbsp;f\u00fcr Erwachsene, Jugendliche und Kinder, sowie praxisorientierte Lehrerfortbildungen an.<\/p>\n\n\n\n<p>Sie profitieren von meinen Erfahrungen als&nbsp;<strong>Projektleiterin<\/strong>&nbsp;differenzierter k\u00fcnstlerischer Schulprojekte und als&nbsp;<strong>Referentin in der Erwachsenenbildung<\/strong>.<\/p>\n\n\n\n<figure class=\"wp-block-gallery has-nested-images columns-default is-cropped wp-block-gallery-1 is-layout-flex wp-block-gallery-is-layout-flex\">\n<figure class=\"wp-block-image size-large\"><a href=\"https:\/\/smk-art.de\/art\/wp-content\/uploads\/2015\/11\/zeichenkurs.jpg\"><img loading=\"lazy\" decoding=\"async\" width=\"960\" height=\"731\" data-id=\"1386\" src=\"https:\/\/smk-art.de\/art\/wp-content\/uploads\/2015\/11\/zeichenkurs.jpg\" alt=\"\" class=\"wp-image-1386\" srcset=\"https:\/\/smk-art.de\/art\/wp-content\/uploads\/2015\/11\/zeichenkurs.jpg 960w, https:\/\/smk-art.de\/art\/wp-content\/uploads\/2015\/11\/zeichenkurs-300x228.jpg 300w\" sizes=\"auto, (max-width: 960px) 100vw, 960px\" \/><\/a><\/figure>\n\n\n\n<figure class=\"wp-block-image size-large\"><a href=\"https:\/\/smk-art.de\/art\/wp-content\/uploads\/2019\/07\/workshop-atelier-susanne-mueller-koelmel.jpg\"><img loading=\"lazy\" decoding=\"async\" width=\"960\" height=\"572\" data-id=\"3144\" src=\"https:\/\/smk-art.de\/art\/wp-content\/uploads\/2019\/07\/workshop-atelier-susanne-mueller-koelmel.jpg\" alt=\"\" class=\"wp-image-3144\" srcset=\"https:\/\/smk-art.de\/art\/wp-content\/uploads\/2019\/07\/workshop-atelier-susanne-mueller-koelmel.jpg 960w, https:\/\/smk-art.de\/art\/wp-content\/uploads\/2019\/07\/workshop-atelier-susanne-mueller-koelmel-300x179.jpg 300w, https:\/\/smk-art.de\/art\/wp-content\/uploads\/2019\/07\/workshop-atelier-susanne-mueller-koelmel-768x458.jpg 768w\" sizes=\"auto, (max-width: 960px) 100vw, 960px\" \/><\/a><\/figure>\n\n\n\n<figure class=\"wp-block-image size-large\"><a href=\"https:\/\/smk-art.de\/art\/wp-content\/uploads\/2017\/03\/susanne-mueller-koelmel-mal-seminar-arbeitsplatz-teilnehmer.jpg\"><img loading=\"lazy\" decoding=\"async\" width=\"960\" height=\"603\" data-id=\"2046\" src=\"https:\/\/smk-art.de\/art\/wp-content\/uploads\/2017\/03\/susanne-mueller-koelmel-mal-seminar-arbeitsplatz-teilnehmer.jpg\" alt=\"\" class=\"wp-image-2046\" srcset=\"https:\/\/smk-art.de\/art\/wp-content\/uploads\/2017\/03\/susanne-mueller-koelmel-mal-seminar-arbeitsplatz-teilnehmer.jpg 960w, https:\/\/smk-art.de\/art\/wp-content\/uploads\/2017\/03\/susanne-mueller-koelmel-mal-seminar-arbeitsplatz-teilnehmer-300x188.jpg 300w, https:\/\/smk-art.de\/art\/wp-content\/uploads\/2017\/03\/susanne-mueller-koelmel-mal-seminar-arbeitsplatz-teilnehmer-768x482.jpg 768w\" sizes=\"auto, (max-width: 960px) 100vw, 960px\" \/><\/a><\/figure>\n<\/figure>\n\n\n\n<p>Sie k\u00f6nnen mich zus\u00e4tzlich buchen f\u00fcr: <\/p>\n\n\n<div class=\"wp-block-ub-content-toggle wp-block-ub-content-toggle-block\" id=\"ub-content-toggle-block-9153c378-fc9b-4df7-b296-6a62ebae1e52\" data-mobilecollapse=\"false\" data-desktopcollapse=\"true\" data-preventcollapse=\"false\" data-showonlyone=\"false\">\n<div class=\"no-border wp-block-ub-content-toggle-accordion\" style=\"border-color: #f1f1f1;\" id=\"ub-content-toggle-panel-block-9a07e05d-7e03-4acb-8d62-4a4d4a3525b4\">\n\t\t\t<div class=\"wp-block-ub-content-toggle-accordion-title-wrap\" style=\"background-color: #f1f1f1;\" aria-controls=\"ub-content-toggle-panel-0-9153c378-fc9b-4df7-b296-6a62ebae1e52\" tabindex=\"0\">\n\t\t\t<p class=\"wp-block-ub-content-toggle-accordion-title ub-content-toggle-title-9153c378-fc9b-4df7-b296-6a62ebae1e52\" style=\"color: #000000; \">Team-Painting &#8211; Team-Building<\/p>\n\t\t\t<div class=\"wp-block-ub-content-toggle-accordion-toggle-wrap right\" style=\"color: #000000;\"><span class=\"wp-block-ub-content-toggle-accordion-state-indicator wp-block-ub-chevron-down\"><\/span><\/div>\n\t\t<\/div>\n\t\t\t<div role=\"region\" aria-expanded=\"false\" class=\"wp-block-ub-content-toggle-accordion-content-wrap ub-hide\" id=\"ub-content-toggle-panel-0-9153c378-fc9b-4df7-b296-6a62ebae1e52\">\n\n<p>Malerei und bildnerisches Gestalten eignen sich in besonderer Art und Weise f\u00fcr Teambuilding:\u00a0Alle Teilnehmenden eines Seminars, Workshops oder Events malen in kurzer Zeit ein eigenes Bild und schaffen gemeinsam ein gro\u00dfes Ganzes. Es entsteht ein riesiges Bild mit integriertem Motiv (analog zu Ihrem CI: Firmenlogo, Leitlinie, Slogan, etc.)<\/p>\n\n\n\n<p>Ob Sie die teambildende Ma\u00dfnahme mit dem Ziel umsetzen m\u00f6chten, ein einmaliges Erlebnis f\u00fcr Ihr Team zu schaffen, den Team-Spirit zu verbessern, oder ob Sie auf der Suche nach einem besonderen Team Erlebnis sind \u2013 mit Team-Painting f\u00f6rdern Sie authentisches Verhalten in der Gruppendynamik und schaffen Erlebnisse und Ergebnisse, die gut in die Arbeitswelt \u00fcbertragbar sind.\u00a0<\/p>\n\n\n\n<p>Das einmalige Erlebnis mit professioneller Betreuung bietet Professionalit\u00e4t, Kreativit\u00e4t und Flexibilit\u00e4t und schafft Gestaltungsspielraum au\u00dferhalb des Unternehmensalltages f\u00fcr ein intensives Gruppenerlebnis das Gemeinschaftlichkeit und Partnerschaft symbolisiert.<\/p>\n\n\n\n<p>Das Angebot richtet sich sowohl an kleine Teams ab 6 Personen, z.B. F\u00fchrungskr\u00e4fte-Teams, Praxen oder einfach Teams, die eine besondere gemeinsame Aktivit\u00e4t suchen, aber auch an gro\u00dfe Gruppen. Als Workshop-Angebot innerhalb eines Projekttages\/ Projektwoche kann Team-Painting f\u00fcr gro\u00dfe Firmenevents (bis zu 80 Teilnehmenden) gebucht werden.<\/p>\n\n\n\n<p>Bei Fragen und Interesse kontaktieren Sie mich gerne: 0212-2471419 oder E-Mail: <a href=\"mailto:susanne@mueller-koelmel.de\">susanne@mueller-koelmel.de<\/a><\/p>\n\n<\/div>\n\t\t<\/div>\n<\/div>\n\n\n<p>F\u00fcr Teilnehmende gibt es die Seite <a href=\"https:\/\/smk-art.de\/art\/intern\/\" target=\"_blank\" rel=\"noreferrer noopener\">&#8222;intern&#8220;<\/a> die mit einem Passwort ge\u00f6ffnet werden kann. Die Weitergabe des Passwortes, sowie aller Inhalte und Links an Nichtteilnehmende ist untersagt.<\/p>\n\n\n\n<p>Haben Sie Interesse und Fragen nehmen Sie gerne Kontakt mit mir auf! Telefon: 0212-2471419 oder E-Mail: <a href=\"mailto:susanne@mueller-koelmel.de\">susanne@mueller-koelmel.de<\/a><\/p>\n","protected":false},"excerpt":{"rendered":"<p>Meine Arbeit als Dozentin in der bildenden Kunst ist sehr vielf\u00e4ltig und bedarf einer individuellen Anpassung der L\u00f6sung f\u00fcr Ihre Fragen. Das individuelle Anliegen eines Menschen zu verstehen und die passenden k\u00fcnstlerischen Ausdrucksmittel gemeinsam zu erarbeiten, ist das Ziel meiner Arbeit. Ich biete Seminare, Workshops, sowie Einzelberatung\/Coaching im Bereich&nbsp;BILDENDE KUNST&nbsp;f\u00fcr Erwachsene, Jugendliche und Kinder, sowie [&hellip;]<\/p>\n","protected":false},"author":2,"featured_media":0,"parent":0,"menu_order":0,"comment_status":"closed","ping_status":"closed","template":"","meta":{"_uag_custom_page_level_css":"","pgc_sgb_lightbox_settings":"","ocean_post_layout":"","ocean_both_sidebars_style":"","ocean_both_sidebars_content_width":0,"ocean_both_sidebars_sidebars_width":0,"ocean_sidebar":"0","ocean_second_sidebar":"0","ocean_disable_margins":"enable","ocean_add_body_class":"","ocean_shortcode_before_top_bar":"","ocean_shortcode_after_top_bar":"","ocean_shortcode_before_header":"","ocean_shortcode_after_header":"","ocean_has_shortcode":"","ocean_shortcode_after_title":"","ocean_shortcode_before_footer_widgets":"","ocean_shortcode_after_footer_widgets":"","ocean_shortcode_before_footer_bottom":"","ocean_shortcode_after_footer_bottom":"","ocean_display_top_bar":"default","ocean_display_header":"default","ocean_header_style":"","ocean_center_header_left_menu":"0","ocean_custom_header_template":"0","ocean_custom_logo":0,"ocean_custom_retina_logo":0,"ocean_custom_logo_max_width":0,"ocean_custom_logo_tablet_max_width":0,"ocean_custom_logo_mobile_max_width":0,"ocean_custom_logo_max_height":0,"ocean_custom_logo_tablet_max_height":0,"ocean_custom_logo_mobile_max_height":0,"ocean_header_custom_menu":"0","ocean_menu_typo_font_family":"0","ocean_menu_typo_font_subset":"","ocean_menu_typo_font_size":0,"ocean_menu_typo_font_size_tablet":0,"ocean_menu_typo_font_size_mobile":0,"ocean_menu_typo_font_size_unit":"px","ocean_menu_typo_font_weight":"","ocean_menu_typo_font_weight_tablet":"","ocean_menu_typo_font_weight_mobile":"","ocean_menu_typo_transform":"","ocean_menu_typo_transform_tablet":"","ocean_menu_typo_transform_mobile":"","ocean_menu_typo_line_height":0,"ocean_menu_typo_line_height_tablet":0,"ocean_menu_typo_line_height_mobile":0,"ocean_menu_typo_line_height_unit":"","ocean_menu_typo_spacing":0,"ocean_menu_typo_spacing_tablet":0,"ocean_menu_typo_spacing_mobile":0,"ocean_menu_typo_spacing_unit":"","ocean_menu_link_color":"","ocean_menu_link_color_hover":"","ocean_menu_link_color_active":"","ocean_menu_link_background":"","ocean_menu_link_hover_background":"","ocean_menu_link_active_background":"","ocean_menu_social_links_bg":"","ocean_menu_social_hover_links_bg":"","ocean_menu_social_links_color":"","ocean_menu_social_hover_links_color":"","ocean_disable_title":"default","ocean_disable_heading":"default","ocean_post_title":"","ocean_post_subheading":"","ocean_post_title_style":"","ocean_post_title_background_color":"","ocean_post_title_background":0,"ocean_post_title_bg_image_position":"","ocean_post_title_bg_image_attachment":"","ocean_post_title_bg_image_repeat":"","ocean_post_title_bg_image_size":"","ocean_post_title_height":0,"ocean_post_title_bg_overlay":0.5,"ocean_post_title_bg_overlay_color":"","ocean_disable_breadcrumbs":"default","ocean_breadcrumbs_color":"","ocean_breadcrumbs_separator_color":"","ocean_breadcrumbs_links_color":"","ocean_breadcrumbs_links_hover_color":"","ocean_display_footer_widgets":"default","ocean_display_footer_bottom":"default","ocean_custom_footer_template":"0","footnotes":""},"class_list":["post-525","page","type-page","status-publish","hentry","entry"],"featured_image_src":null,"uagb_featured_image_src":{"full":false,"thumbnail":false,"medium":false,"medium_large":false,"large":false,"1536x1536":false,"2048x2048":false,"ocean-thumb-m":false,"ocean-thumb-ml":false,"ocean-thumb-l":false},"uagb_author_info":{"display_name":"Susanne M\u00fcller-K\u00f6lmel","author_link":"https:\/\/smk-art.de\/art\/author\/susanne\/"},"uagb_comment_info":0,"uagb_excerpt":"Meine Arbeit als Dozentin in der bildenden Kunst ist sehr vielf\u00e4ltig und bedarf einer individuellen Anpassung der L\u00f6sung f\u00fcr Ihre Fragen. Das individuelle Anliegen eines Menschen zu verstehen und die passenden k\u00fcnstlerischen Ausdrucksmittel gemeinsam zu erarbeiten, ist das Ziel meiner Arbeit. Ich biete Seminare, Workshops, sowie Einzelberatung\/Coaching im Bereich&nbsp;BILDENDE KUNST&nbsp;f\u00fcr Erwachsene, Jugendliche und Kinder, sowie&hellip;","_links":{"self":[{"href":"https:\/\/smk-art.de\/art\/wp-json\/wp\/v2\/pages\/525","targetHints":{"allow":["GET"]}}],"collection":[{"href":"https:\/\/smk-art.de\/art\/wp-json\/wp\/v2\/pages"}],"about":[{"href":"https:\/\/smk-art.de\/art\/wp-json\/wp\/v2\/types\/page"}],"author":[{"embeddable":true,"href":"https:\/\/smk-art.de\/art\/wp-json\/wp\/v2\/users\/2"}],"replies":[{"embeddable":true,"href":"https:\/\/smk-art.de\/art\/wp-json\/wp\/v2\/comments?post=525"}],"version-history":[{"count":38,"href":"https:\/\/smk-art.de\/art\/wp-json\/wp\/v2\/pages\/525\/revisions"}],"predecessor-version":[{"id":7612,"href":"https:\/\/smk-art.de\/art\/wp-json\/wp\/v2\/pages\/525\/revisions\/7612"}],"wp:attachment":[{"href":"https:\/\/smk-art.de\/art\/wp-json\/wp\/v2\/media?parent=525"}],"curies":[{"name":"wp","href":"https:\/\/api.w.org\/{rel}","templated":true}]}}