{"id":5736,"date":"2022-05-26T17:07:06","date_gmt":"2022-05-26T15:07:06","guid":{"rendered":"https:\/\/smk-art.de\/art\/?page_id=5736"},"modified":"2026-04-26T21:17:49","modified_gmt":"2026-04-26T19:17:49","slug":"schulprojekte","status":"publish","type":"page","link":"https:\/\/smk-art.de\/art\/schulprojekte\/","title":{"rendered":"SchulProjekte"},"content":{"rendered":"\n<figure class=\"wp-block-gallery has-nested-images columns-4 is-cropped wp-block-gallery-1 is-layout-flex wp-block-gallery-is-layout-flex\">\n<figure class=\"wp-block-image size-large\"><a href=\"https:\/\/smk-art.de\/art\/wp-content\/uploads\/2026\/04\/flora-fauna-bueWi-26-susanne-mueller-koelmel-4.jpg\"><img loading=\"lazy\" decoding=\"async\" width=\"720\" height=\"960\" data-id=\"8744\" src=\"https:\/\/smk-art.de\/art\/wp-content\/uploads\/2026\/04\/flora-fauna-bueWi-26-susanne-mueller-koelmel-4.jpg\" alt=\"\" class=\"wp-image-8744\" srcset=\"https:\/\/smk-art.de\/art\/wp-content\/uploads\/2026\/04\/flora-fauna-bueWi-26-susanne-mueller-koelmel-4.jpg 720w, https:\/\/smk-art.de\/art\/wp-content\/uploads\/2026\/04\/flora-fauna-bueWi-26-susanne-mueller-koelmel-4-225x300.jpg 225w\" sizes=\"auto, (max-width: 720px) 100vw, 720px\" \/><\/a><\/figure>\n\n\n\n<figure class=\"wp-block-image size-large\"><a href=\"https:\/\/smk-art.de\/art\/wp-content\/uploads\/2026\/04\/flora-fauna-bueWi-26-atelier-susanne-mueller-koelmel-5.jpg\"><img loading=\"lazy\" decoding=\"async\" width=\"720\" height=\"960\" data-id=\"8745\" src=\"https:\/\/smk-art.de\/art\/wp-content\/uploads\/2026\/04\/flora-fauna-bueWi-26-atelier-susanne-mueller-koelmel-5.jpg\" alt=\"\" class=\"wp-image-8745\" srcset=\"https:\/\/smk-art.de\/art\/wp-content\/uploads\/2026\/04\/flora-fauna-bueWi-26-atelier-susanne-mueller-koelmel-5.jpg 720w, https:\/\/smk-art.de\/art\/wp-content\/uploads\/2026\/04\/flora-fauna-bueWi-26-atelier-susanne-mueller-koelmel-5-225x300.jpg 225w\" sizes=\"auto, (max-width: 720px) 100vw, 720px\" \/><\/a><\/figure>\n\n\n\n<figure class=\"wp-block-image size-large\"><a href=\"https:\/\/smk-art.de\/art\/wp-content\/uploads\/2026\/04\/flora-fauna-bueWi-26-susanne-mueller-koelmel-2.jpg\"><img loading=\"lazy\" decoding=\"async\" width=\"720\" height=\"960\" data-id=\"8746\" src=\"https:\/\/smk-art.de\/art\/wp-content\/uploads\/2026\/04\/flora-fauna-bueWi-26-susanne-mueller-koelmel-2.jpg\" alt=\"\" class=\"wp-image-8746\" srcset=\"https:\/\/smk-art.de\/art\/wp-content\/uploads\/2026\/04\/flora-fauna-bueWi-26-susanne-mueller-koelmel-2.jpg 720w, https:\/\/smk-art.de\/art\/wp-content\/uploads\/2026\/04\/flora-fauna-bueWi-26-susanne-mueller-koelmel-2-225x300.jpg 225w\" sizes=\"auto, (max-width: 720px) 100vw, 720px\" \/><\/a><\/figure>\n\n\n\n<figure class=\"wp-block-image size-large\"><a href=\"https:\/\/smk-art.de\/art\/wp-content\/uploads\/2026\/04\/flora-fauna-bueWi-26-susanne-mueller-koelmel-7.jpg\"><img loading=\"lazy\" decoding=\"async\" width=\"960\" height=\"720\" data-id=\"8749\" src=\"https:\/\/smk-art.de\/art\/wp-content\/uploads\/2026\/04\/flora-fauna-bueWi-26-susanne-mueller-koelmel-7.jpg\" alt=\"\" class=\"wp-image-8749\" srcset=\"https:\/\/smk-art.de\/art\/wp-content\/uploads\/2026\/04\/flora-fauna-bueWi-26-susanne-mueller-koelmel-7.jpg 960w, https:\/\/smk-art.de\/art\/wp-content\/uploads\/2026\/04\/flora-fauna-bueWi-26-susanne-mueller-koelmel-7-300x225.jpg 300w, https:\/\/smk-art.de\/art\/wp-content\/uploads\/2026\/04\/flora-fauna-bueWi-26-susanne-mueller-koelmel-7-768x576.jpg 768w\" sizes=\"auto, (max-width: 960px) 100vw, 960px\" \/><\/a><\/figure>\n\n\n\n<figure class=\"wp-block-image size-large\"><a href=\"https:\/\/smk-art.de\/art\/wp-content\/uploads\/2024\/06\/europa-leinwand-weberei-k-s-2024-susanne-mueller-koelmel-s.jpg\"><img loading=\"lazy\" decoding=\"async\" width=\"945\" height=\"960\" data-id=\"7370\" src=\"https:\/\/smk-art.de\/art\/wp-content\/uploads\/2024\/06\/europa-leinwand-weberei-k-s-2024-susanne-mueller-koelmel-s.jpg\" alt=\"\" class=\"wp-image-7370\" srcset=\"https:\/\/smk-art.de\/art\/wp-content\/uploads\/2024\/06\/europa-leinwand-weberei-k-s-2024-susanne-mueller-koelmel-s.jpg 945w, https:\/\/smk-art.de\/art\/wp-content\/uploads\/2024\/06\/europa-leinwand-weberei-k-s-2024-susanne-mueller-koelmel-s-295x300.jpg 295w, https:\/\/smk-art.de\/art\/wp-content\/uploads\/2024\/06\/europa-leinwand-weberei-k-s-2024-susanne-mueller-koelmel-s-768x780.jpg 768w\" sizes=\"auto, (max-width: 945px) 100vw, 945px\" \/><\/a><\/figure>\n\n\n\n<figure class=\"wp-block-image size-large\"><a href=\"https:\/\/smk-art.de\/art\/wp-content\/uploads\/2022\/11\/wandgemaelde-unterwasserwelt-susanne-mueller-koelmel.jpg\"><img loading=\"lazy\" decoding=\"async\" width=\"960\" height=\"752\" data-id=\"6029\" src=\"https:\/\/smk-art.de\/art\/wp-content\/uploads\/2022\/11\/wandgemaelde-unterwasserwelt-susanne-mueller-koelmel.jpg\" alt=\"\" class=\"wp-image-6029\" srcset=\"https:\/\/smk-art.de\/art\/wp-content\/uploads\/2022\/11\/wandgemaelde-unterwasserwelt-susanne-mueller-koelmel.jpg 960w, https:\/\/smk-art.de\/art\/wp-content\/uploads\/2022\/11\/wandgemaelde-unterwasserwelt-susanne-mueller-koelmel-300x235.jpg 300w, https:\/\/smk-art.de\/art\/wp-content\/uploads\/2022\/11\/wandgemaelde-unterwasserwelt-susanne-mueller-koelmel-768x602.jpg 768w\" sizes=\"auto, (max-width: 960px) 100vw, 960px\" \/><\/a><\/figure>\n\n\n\n<figure class=\"wp-block-image size-large\"><a href=\"https:\/\/smk-art.de\/art\/wp-content\/uploads\/2022\/11\/unterwasserwelt-kunstprojekt-gs-schuetzenstr-susanne-mueller-koelmel-8.jpg\"><img loading=\"lazy\" decoding=\"async\" width=\"960\" height=\"720\" data-id=\"6022\" src=\"https:\/\/smk-art.de\/art\/wp-content\/uploads\/2022\/11\/unterwasserwelt-kunstprojekt-gs-schuetzenstr-susanne-mueller-koelmel-8.jpg\" alt=\"\" class=\"wp-image-6022\" srcset=\"https:\/\/smk-art.de\/art\/wp-content\/uploads\/2022\/11\/unterwasserwelt-kunstprojekt-gs-schuetzenstr-susanne-mueller-koelmel-8.jpg 960w, https:\/\/smk-art.de\/art\/wp-content\/uploads\/2022\/11\/unterwasserwelt-kunstprojekt-gs-schuetzenstr-susanne-mueller-koelmel-8-300x225.jpg 300w, https:\/\/smk-art.de\/art\/wp-content\/uploads\/2022\/11\/unterwasserwelt-kunstprojekt-gs-schuetzenstr-susanne-mueller-koelmel-8-768x576.jpg 768w\" sizes=\"auto, (max-width: 960px) 100vw, 960px\" \/><\/a><\/figure>\n\n\n\n<figure class=\"wp-block-image size-large\"><a href=\"https:\/\/smk-art.de\/art\/wp-content\/uploads\/2024\/06\/mein-kosmos-crs-susanne-mueller-koelmel-s.jpg\"><img loading=\"lazy\" decoding=\"async\" width=\"960\" height=\"760\" data-id=\"7375\" src=\"https:\/\/smk-art.de\/art\/wp-content\/uploads\/2024\/06\/mein-kosmos-crs-susanne-mueller-koelmel-s.jpg\" alt=\"\" class=\"wp-image-7375\" srcset=\"https:\/\/smk-art.de\/art\/wp-content\/uploads\/2024\/06\/mein-kosmos-crs-susanne-mueller-koelmel-s.jpg 960w, https:\/\/smk-art.de\/art\/wp-content\/uploads\/2024\/06\/mein-kosmos-crs-susanne-mueller-koelmel-s-300x238.jpg 300w, https:\/\/smk-art.de\/art\/wp-content\/uploads\/2024\/06\/mein-kosmos-crs-susanne-mueller-koelmel-s-768x608.jpg 768w\" sizes=\"auto, (max-width: 960px) 100vw, 960px\" \/><\/a><\/figure>\n\n\n\n<figure class=\"wp-block-image size-large\"><a href=\"https:\/\/smk-art.de\/art\/wp-content\/uploads\/2024\/06\/zoom-gruppenbild-4-2023-susanne-mueller-koelmel-s.jpg\"><img loading=\"lazy\" decoding=\"async\" width=\"960\" height=\"720\" data-id=\"7378\" src=\"https:\/\/smk-art.de\/art\/wp-content\/uploads\/2024\/06\/zoom-gruppenbild-4-2023-susanne-mueller-koelmel-s.jpg\" alt=\"\" class=\"wp-image-7378\" srcset=\"https:\/\/smk-art.de\/art\/wp-content\/uploads\/2024\/06\/zoom-gruppenbild-4-2023-susanne-mueller-koelmel-s.jpg 960w, https:\/\/smk-art.de\/art\/wp-content\/uploads\/2024\/06\/zoom-gruppenbild-4-2023-susanne-mueller-koelmel-s-300x225.jpg 300w, https:\/\/smk-art.de\/art\/wp-content\/uploads\/2024\/06\/zoom-gruppenbild-4-2023-susanne-mueller-koelmel-s-768x576.jpg 768w\" sizes=\"auto, (max-width: 960px) 100vw, 960px\" \/><\/a><\/figure>\n\n\n\n<figure class=\"wp-block-image size-large\"><a href=\"https:\/\/smk-art.de\/art\/wp-content\/uploads\/2024\/06\/feuervogel4-2016-musikschule-solingen-susanne-mueller-koelmel-s.jpg\"><img loading=\"lazy\" decoding=\"async\" width=\"960\" height=\"824\" data-id=\"7373\" src=\"https:\/\/smk-art.de\/art\/wp-content\/uploads\/2024\/06\/feuervogel4-2016-musikschule-solingen-susanne-mueller-koelmel-s.jpg\" alt=\"\" class=\"wp-image-7373\" srcset=\"https:\/\/smk-art.de\/art\/wp-content\/uploads\/2024\/06\/feuervogel4-2016-musikschule-solingen-susanne-mueller-koelmel-s.jpg 960w, https:\/\/smk-art.de\/art\/wp-content\/uploads\/2024\/06\/feuervogel4-2016-musikschule-solingen-susanne-mueller-koelmel-s-300x258.jpg 300w, https:\/\/smk-art.de\/art\/wp-content\/uploads\/2024\/06\/feuervogel4-2016-musikschule-solingen-susanne-mueller-koelmel-s-768x659.jpg 768w\" sizes=\"auto, (max-width: 960px) 100vw, 960px\" \/><\/a><\/figure>\n\n\n\n<figure class=\"wp-block-image size-large\"><a href=\"https:\/\/smk-art.de\/art\/wp-content\/uploads\/2024\/06\/fritten-und-farbe-susanne-mueller-koelmel-s.jpg\"><img loading=\"lazy\" decoding=\"async\" width=\"960\" height=\"879\" data-id=\"7374\" src=\"https:\/\/smk-art.de\/art\/wp-content\/uploads\/2024\/06\/fritten-und-farbe-susanne-mueller-koelmel-s.jpg\" alt=\"\" class=\"wp-image-7374\" srcset=\"https:\/\/smk-art.de\/art\/wp-content\/uploads\/2024\/06\/fritten-und-farbe-susanne-mueller-koelmel-s.jpg 960w, https:\/\/smk-art.de\/art\/wp-content\/uploads\/2024\/06\/fritten-und-farbe-susanne-mueller-koelmel-s-300x275.jpg 300w, https:\/\/smk-art.de\/art\/wp-content\/uploads\/2024\/06\/fritten-und-farbe-susanne-mueller-koelmel-s-768x703.jpg 768w\" sizes=\"auto, (max-width: 960px) 100vw, 960px\" \/><\/a><\/figure>\n\n\n\n<figure class=\"wp-block-image size-large\"><a href=\"https:\/\/smk-art.de\/art\/wp-content\/uploads\/2024\/06\/schwein-gs-meigen-sss-halle-susanne-mueller-koelmel.jpg\"><img loading=\"lazy\" decoding=\"async\" width=\"960\" height=\"716\" data-id=\"7377\" src=\"https:\/\/smk-art.de\/art\/wp-content\/uploads\/2024\/06\/schwein-gs-meigen-sss-halle-susanne-mueller-koelmel.jpg\" alt=\"\" class=\"wp-image-7377\" srcset=\"https:\/\/smk-art.de\/art\/wp-content\/uploads\/2024\/06\/schwein-gs-meigen-sss-halle-susanne-mueller-koelmel.jpg 960w, https:\/\/smk-art.de\/art\/wp-content\/uploads\/2024\/06\/schwein-gs-meigen-sss-halle-susanne-mueller-koelmel-300x224.jpg 300w, https:\/\/smk-art.de\/art\/wp-content\/uploads\/2024\/06\/schwein-gs-meigen-sss-halle-susanne-mueller-koelmel-768x573.jpg 768w\" sizes=\"auto, (max-width: 960px) 100vw, 960px\" \/><\/a><\/figure>\n<\/figure>\n\n\n\n<p>Im Rahmen verschiedener Landesprogramme, z.B. &#8222;Kultur und Schule&#8220;, nehme ich regelm\u00e4\u00dfig an von der Landesregierung NRW unterst\u00fctzten Kunstprojekten f\u00fcr Kinder und Jugendliche teil. So erhalten die jungen Menschen unabh\u00e4ngig von ihrem famili\u00e4ren und sozialen Hintergrund Zugang zu kultureller Bildung. Eine unabh\u00e4ngige Jury pr\u00fcft jedes Jahr die neuen Projektantr\u00e4ge.<\/p>\n\n\n\n<p>In den letzten Jahrzehnten habe ich an unterschiedlichen Schulformen, so zum Beispiel an F\u00f6rderschulen, Grundschulen, Gesamtschulen und Gymnasien diese besonderen Kunstprojekte durchgef\u00fchrt. <\/p>\n\n\n<div class=\"wp-block-ub-content-toggle wp-block-ub-content-toggle-block\" id=\"ub-content-toggle-block-eb861f90-c066-4ac2-9295-8624d84f0f13\" data-mobilecollapse=\"false\" data-desktopcollapse=\"false\" data-preventcollapse=\"false\" data-showonlyone=\"true\">\n<div class=\"wp-block-ub-content-toggle-accordion\" style=\"border-color: #f1f1f1;\" id=\"ub-content-toggle-panel-block-9b8f0599-fa36-457e-ad20-e4420fda7a73\">\n\t\t\t<div class=\"wp-block-ub-content-toggle-accordion-title-wrap\" style=\"background-color: #f1f1f1;\" aria-controls=\"ub-content-toggle-panel-0-eb861f90-c066-4ac2-9295-8624d84f0f13\" tabindex=\"0\">\n\t\t\t<p class=\"wp-block-ub-content-toggle-accordion-title ub-content-toggle-title-eb861f90-c066-4ac2-9295-8624d84f0f13\" style=\"color: #000000; \">Schatzkiste ARTbox<\/p>\n\t\t\t<div class=\"wp-block-ub-content-toggle-accordion-toggle-wrap right\" style=\"color: #000000;\"><span class=\"wp-block-ub-content-toggle-accordion-state-indicator wp-block-ub-chevron-down open\"><\/span><\/div>\n\t\t<\/div>\n\t\t\t<div role=\"region\" aria-expanded=\"true\" class=\"wp-block-ub-content-toggle-accordion-content-wrap\" id=\"ub-content-toggle-panel-0-eb861f90-c066-4ac2-9295-8624d84f0f13\">\n\n<p>Landesf\u00f6rderprojekt Kultur und Schule vom Ministerium f\u00fcr Familie, Kinder, Jugend, Kultur und Sport des Landes Nordrhein-Westfalen\u00a0\u2013\u00a0in\u00a0<br>Kooperation mit der Grundschule Sch\u00fctzenstra\u00dfe, Solingen<br><br>Das Kunstprojekt &#8222;Schatzkiste ARTbox \u2013 entdecke deine St\u00e4rken&#8220;\u00a0erm\u00f6glichte 27 Sch\u00fclerinnen und Sch\u00fclern der 4. Klasse (Fuchsklasse \/ 4c), ihre pers\u00f6nlichen Talente und St\u00e4rken auf kreative Weise zu erkunden und auszudr\u00fccken. Im &#8222;Atelier&#8220;, einem eigens daf\u00fcr vorbereiteten Raum in der Schule, haben die Kinder\u00a0die in ihnen &#8222;schlummernden&#8220; Sch\u00e4tze gehoben und intensiv an der Gestaltung ihrer eigenen Schatzkiste\u00a0gearbeitet.<br>Die ARTbox wurde so zu einer individuellen Schatzkiste, einer kleinen B\u00fchne. Als Inspirationsquelle f\u00fcr diese Projekt diente der K\u00fcnstlerin Susanne M\u00fcller-K\u00f6lmel das Kamishibai, ein japanisches\u00a0Papier- und Erz\u00e4hltheater.<\/p>\n\n\n\n<figure class=\"wp-block-gallery has-nested-images columns-default is-cropped wp-block-gallery-2 is-layout-flex wp-block-gallery-is-layout-flex\">\n<figure class=\"wp-block-image size-large\"><a href=\"https:\/\/smk-art.de\/art\/wp-content\/uploads\/2025\/06\/artbox-buewi-susanne-mueller-koelmel-2025-2s.jpg\"><img loading=\"lazy\" decoding=\"async\" width=\"906\" height=\"960\" data-id=\"8175\" src=\"https:\/\/smk-art.de\/art\/wp-content\/uploads\/2025\/06\/artbox-buewi-susanne-mueller-koelmel-2025-2s.jpg\" alt=\"\" class=\"wp-image-8175\" srcset=\"https:\/\/smk-art.de\/art\/wp-content\/uploads\/2025\/06\/artbox-buewi-susanne-mueller-koelmel-2025-2s.jpg 906w, https:\/\/smk-art.de\/art\/wp-content\/uploads\/2025\/06\/artbox-buewi-susanne-mueller-koelmel-2025-2s-283x300.jpg 283w, https:\/\/smk-art.de\/art\/wp-content\/uploads\/2025\/06\/artbox-buewi-susanne-mueller-koelmel-2025-2s-768x814.jpg 768w\" sizes=\"auto, (max-width: 906px) 100vw, 906px\" \/><\/a><\/figure>\n\n\n\n<figure class=\"wp-block-image size-large\"><a href=\"https:\/\/smk-art.de\/art\/wp-content\/uploads\/2025\/06\/artbox-buewi-susanne-mueller-koelmel-2025-1a-s.jpg\"><img loading=\"lazy\" decoding=\"async\" width=\"960\" height=\"923\" data-id=\"8173\" src=\"https:\/\/smk-art.de\/art\/wp-content\/uploads\/2025\/06\/artbox-buewi-susanne-mueller-koelmel-2025-1a-s.jpg\" alt=\"\" class=\"wp-image-8173\" srcset=\"https:\/\/smk-art.de\/art\/wp-content\/uploads\/2025\/06\/artbox-buewi-susanne-mueller-koelmel-2025-1a-s.jpg 960w, https:\/\/smk-art.de\/art\/wp-content\/uploads\/2025\/06\/artbox-buewi-susanne-mueller-koelmel-2025-1a-s-300x288.jpg 300w, https:\/\/smk-art.de\/art\/wp-content\/uploads\/2025\/06\/artbox-buewi-susanne-mueller-koelmel-2025-1a-s-768x738.jpg 768w\" sizes=\"auto, (max-width: 960px) 100vw, 960px\" \/><\/a><\/figure>\n\n\n\n<figure class=\"wp-block-image size-large\"><a href=\"https:\/\/smk-art.de\/art\/wp-content\/uploads\/2025\/06\/artbox-buewi-susanne-mueller-koelmel-2025-3s.jpg\"><img loading=\"lazy\" decoding=\"async\" width=\"960\" height=\"1020\" data-id=\"8176\" src=\"https:\/\/smk-art.de\/art\/wp-content\/uploads\/2025\/06\/artbox-buewi-susanne-mueller-koelmel-2025-3s.jpg\" alt=\"\" class=\"wp-image-8176\" srcset=\"https:\/\/smk-art.de\/art\/wp-content\/uploads\/2025\/06\/artbox-buewi-susanne-mueller-koelmel-2025-3s.jpg 960w, https:\/\/smk-art.de\/art\/wp-content\/uploads\/2025\/06\/artbox-buewi-susanne-mueller-koelmel-2025-3s-282x300.jpg 282w, https:\/\/smk-art.de\/art\/wp-content\/uploads\/2025\/06\/artbox-buewi-susanne-mueller-koelmel-2025-3s-768x816.jpg 768w\" sizes=\"auto, (max-width: 960px) 100vw, 960px\" \/><\/a><\/figure>\n\n\n\n<figure class=\"wp-block-image size-large\"><a href=\"https:\/\/smk-art.de\/art\/wp-content\/uploads\/2025\/06\/artbox-buewi-susanne-mueller-koelmel-2025-4s.jpg\"><img loading=\"lazy\" decoding=\"async\" width=\"960\" height=\"713\" data-id=\"8177\" src=\"https:\/\/smk-art.de\/art\/wp-content\/uploads\/2025\/06\/artbox-buewi-susanne-mueller-koelmel-2025-4s.jpg\" alt=\"\" class=\"wp-image-8177\" srcset=\"https:\/\/smk-art.de\/art\/wp-content\/uploads\/2025\/06\/artbox-buewi-susanne-mueller-koelmel-2025-4s.jpg 960w, https:\/\/smk-art.de\/art\/wp-content\/uploads\/2025\/06\/artbox-buewi-susanne-mueller-koelmel-2025-4s-300x223.jpg 300w, https:\/\/smk-art.de\/art\/wp-content\/uploads\/2025\/06\/artbox-buewi-susanne-mueller-koelmel-2025-4s-768x570.jpg 768w\" sizes=\"auto, (max-width: 960px) 100vw, 960px\" \/><\/a><\/figure>\n\n\n\n<figure class=\"wp-block-image size-large\"><a href=\"https:\/\/smk-art.de\/art\/wp-content\/uploads\/2025\/06\/artbox-buewi-susanne-mueller-koelmel-2025-1s.jpg\"><img loading=\"lazy\" decoding=\"async\" width=\"960\" height=\"723\" data-id=\"8174\" src=\"https:\/\/smk-art.de\/art\/wp-content\/uploads\/2025\/06\/artbox-buewi-susanne-mueller-koelmel-2025-1s.jpg\" alt=\"\" class=\"wp-image-8174\" srcset=\"https:\/\/smk-art.de\/art\/wp-content\/uploads\/2025\/06\/artbox-buewi-susanne-mueller-koelmel-2025-1s.jpg 960w, https:\/\/smk-art.de\/art\/wp-content\/uploads\/2025\/06\/artbox-buewi-susanne-mueller-koelmel-2025-1s-300x226.jpg 300w, https:\/\/smk-art.de\/art\/wp-content\/uploads\/2025\/06\/artbox-buewi-susanne-mueller-koelmel-2025-1s-768x578.jpg 768w\" sizes=\"auto, (max-width: 960px) 100vw, 960px\" \/><\/a><\/figure>\n\n\n\n<figure class=\"wp-block-image size-large\"><a href=\"https:\/\/smk-art.de\/art\/wp-content\/uploads\/2025\/06\/artbox-buewi-susanne-mueller-koelmel-2025-5s.jpg\"><img loading=\"lazy\" decoding=\"async\" width=\"837\" height=\"960\" data-id=\"8178\" src=\"https:\/\/smk-art.de\/art\/wp-content\/uploads\/2025\/06\/artbox-buewi-susanne-mueller-koelmel-2025-5s.jpg\" alt=\"\" class=\"wp-image-8178\" srcset=\"https:\/\/smk-art.de\/art\/wp-content\/uploads\/2025\/06\/artbox-buewi-susanne-mueller-koelmel-2025-5s.jpg 837w, https:\/\/smk-art.de\/art\/wp-content\/uploads\/2025\/06\/artbox-buewi-susanne-mueller-koelmel-2025-5s-262x300.jpg 262w, https:\/\/smk-art.de\/art\/wp-content\/uploads\/2025\/06\/artbox-buewi-susanne-mueller-koelmel-2025-5s-768x881.jpg 768w\" sizes=\"auto, (max-width: 837px) 100vw, 837px\" \/><\/a><\/figure>\n<\/figure>\n\n<\/div>\n\t\t<\/div>\n\n<div class=\"wp-block-ub-content-toggle-accordion\" style=\"border-color: #f1f1f1;\" id=\"ub-content-toggle-panel-block-9b8f0599-fa36-457e-ad20-e4420fda7a73\">\n\t\t\t<div class=\"wp-block-ub-content-toggle-accordion-title-wrap\" style=\"background-color: #f1f1f1;\" aria-controls=\"ub-content-toggle-panel-1-eb861f90-c066-4ac2-9295-8624d84f0f13\" tabindex=\"0\">\n\t\t\t<p class=\"wp-block-ub-content-toggle-accordion-title ub-content-toggle-title-eb861f90-c066-4ac2-9295-8624d84f0f13\" style=\"color: #000000; \">KLAMOTTENDSCHUNGEL<\/p>\n\t\t\t<div class=\"wp-block-ub-content-toggle-accordion-toggle-wrap right\" style=\"color: #000000;\"><span class=\"wp-block-ub-content-toggle-accordion-state-indicator wp-block-ub-chevron-down open\"><\/span><\/div>\n\t\t<\/div>\n\t\t\t<div role=\"region\" aria-expanded=\"true\" class=\"wp-block-ub-content-toggle-accordion-content-wrap\" id=\"ub-content-toggle-panel-1-eb861f90-c066-4ac2-9295-8624d84f0f13\">\n\n<p>Das Kunst- und Kooperationsprojekt \u201eKunstKlamotte-KlaMOTTENdschungel\u201c gef\u00f6rdert vom Ministerium f\u00fcr Familie, Kinder, Jugend, Kultur und Sport des Landes NRW, zielt darauf ab, den Teilnehmenden mittels Kreativit\u00e4tstechniken und malerischen Gestaltungstechniken ein tiefgreifendes Verst\u00e4ndnis f\u00fcr Nachhaltigkeit und Recycling zu vermitteln. Prozesse der Individuation in der Einzelbildgestaltung wechseln mit kooperativen Verfahren entsprechend den situativen Bedingungen und M\u00f6glichkeiten der Sch\u00fcler:innen bzw. der Gruppe und f\u00fcgen sich in der Abschlussveranstaltung zu einem Gemeinschaftswerk und Gemeinschaftserlebnis.<\/p>\n\n\n\n<figure class=\"wp-block-gallery has-nested-images columns-default is-cropped wp-block-gallery-3 is-layout-flex wp-block-gallery-is-layout-flex\">\n<figure class=\"wp-block-image size-large\"><a href=\"https:\/\/smk-art.de\/art\/wp-content\/uploads\/2025\/06\/kunstklamotte-buewi-KuS-2025-susanne-mueller-koelmel-6s.jpg\"><img loading=\"lazy\" decoding=\"async\" width=\"960\" height=\"720\" data-id=\"8157\" src=\"https:\/\/smk-art.de\/art\/wp-content\/uploads\/2025\/06\/kunstklamotte-buewi-KuS-2025-susanne-mueller-koelmel-6s.jpg\" alt=\"\" class=\"wp-image-8157\" srcset=\"https:\/\/smk-art.de\/art\/wp-content\/uploads\/2025\/06\/kunstklamotte-buewi-KuS-2025-susanne-mueller-koelmel-6s.jpg 960w, https:\/\/smk-art.de\/art\/wp-content\/uploads\/2025\/06\/kunstklamotte-buewi-KuS-2025-susanne-mueller-koelmel-6s-300x225.jpg 300w, https:\/\/smk-art.de\/art\/wp-content\/uploads\/2025\/06\/kunstklamotte-buewi-KuS-2025-susanne-mueller-koelmel-6s-768x576.jpg 768w\" sizes=\"auto, (max-width: 960px) 100vw, 960px\" \/><\/a><\/figure>\n\n\n\n<figure class=\"wp-block-image size-large\"><a href=\"https:\/\/smk-art.de\/art\/wp-content\/uploads\/2025\/06\/kunstklamotte-buewi-KuS-2025-susanne-mueller-koelmel-12s.jpg\"><img loading=\"lazy\" decoding=\"async\" width=\"720\" height=\"960\" data-id=\"8163\" src=\"https:\/\/smk-art.de\/art\/wp-content\/uploads\/2025\/06\/kunstklamotte-buewi-KuS-2025-susanne-mueller-koelmel-12s.jpg\" alt=\"\" class=\"wp-image-8163\" srcset=\"https:\/\/smk-art.de\/art\/wp-content\/uploads\/2025\/06\/kunstklamotte-buewi-KuS-2025-susanne-mueller-koelmel-12s.jpg 720w, https:\/\/smk-art.de\/art\/wp-content\/uploads\/2025\/06\/kunstklamotte-buewi-KuS-2025-susanne-mueller-koelmel-12s-225x300.jpg 225w\" sizes=\"auto, (max-width: 720px) 100vw, 720px\" \/><\/a><\/figure>\n\n\n\n<figure class=\"wp-block-image size-large\"><a href=\"https:\/\/smk-art.de\/art\/wp-content\/uploads\/2025\/06\/kunstklamotte-buewi-KuS-2025-susanne-mueller-koelmel-10s.jpg\"><img loading=\"lazy\" decoding=\"async\" width=\"960\" height=\"720\" data-id=\"8161\" src=\"https:\/\/smk-art.de\/art\/wp-content\/uploads\/2025\/06\/kunstklamotte-buewi-KuS-2025-susanne-mueller-koelmel-10s.jpg\" alt=\"\" class=\"wp-image-8161\" srcset=\"https:\/\/smk-art.de\/art\/wp-content\/uploads\/2025\/06\/kunstklamotte-buewi-KuS-2025-susanne-mueller-koelmel-10s.jpg 960w, https:\/\/smk-art.de\/art\/wp-content\/uploads\/2025\/06\/kunstklamotte-buewi-KuS-2025-susanne-mueller-koelmel-10s-300x225.jpg 300w, https:\/\/smk-art.de\/art\/wp-content\/uploads\/2025\/06\/kunstklamotte-buewi-KuS-2025-susanne-mueller-koelmel-10s-768x576.jpg 768w\" sizes=\"auto, (max-width: 960px) 100vw, 960px\" \/><\/a><\/figure>\n\n\n\n<figure class=\"wp-block-image size-large\"><a href=\"https:\/\/smk-art.de\/art\/wp-content\/uploads\/2025\/06\/kunstklamotte-buewi-KuS-2025-susanne-mueller-koelmel-4s.jpg\"><img loading=\"lazy\" decoding=\"async\" width=\"720\" height=\"960\" data-id=\"8155\" src=\"https:\/\/smk-art.de\/art\/wp-content\/uploads\/2025\/06\/kunstklamotte-buewi-KuS-2025-susanne-mueller-koelmel-4s.jpg\" alt=\"\" class=\"wp-image-8155\" srcset=\"https:\/\/smk-art.de\/art\/wp-content\/uploads\/2025\/06\/kunstklamotte-buewi-KuS-2025-susanne-mueller-koelmel-4s.jpg 720w, https:\/\/smk-art.de\/art\/wp-content\/uploads\/2025\/06\/kunstklamotte-buewi-KuS-2025-susanne-mueller-koelmel-4s-225x300.jpg 225w\" sizes=\"auto, (max-width: 720px) 100vw, 720px\" \/><\/a><\/figure>\n\n\n\n<figure class=\"wp-block-image size-large\"><a href=\"https:\/\/smk-art.de\/art\/wp-content\/uploads\/2025\/06\/kunstklamotte-buewi-KuS-2025-susanne-mueller-koelmel-8s.jpg\"><img loading=\"lazy\" decoding=\"async\" width=\"720\" height=\"960\" data-id=\"8159\" src=\"https:\/\/smk-art.de\/art\/wp-content\/uploads\/2025\/06\/kunstklamotte-buewi-KuS-2025-susanne-mueller-koelmel-8s.jpg\" alt=\"\" class=\"wp-image-8159\" srcset=\"https:\/\/smk-art.de\/art\/wp-content\/uploads\/2025\/06\/kunstklamotte-buewi-KuS-2025-susanne-mueller-koelmel-8s.jpg 720w, https:\/\/smk-art.de\/art\/wp-content\/uploads\/2025\/06\/kunstklamotte-buewi-KuS-2025-susanne-mueller-koelmel-8s-225x300.jpg 225w\" sizes=\"auto, (max-width: 720px) 100vw, 720px\" \/><\/a><\/figure>\n\n\n\n<figure class=\"wp-block-image size-large\"><a href=\"https:\/\/smk-art.de\/art\/wp-content\/uploads\/2025\/06\/kunstklamotte-buewi-KuS-2025-susanne-mueller-koelmel-5s.jpg\"><img loading=\"lazy\" decoding=\"async\" width=\"720\" height=\"960\" data-id=\"8156\" src=\"https:\/\/smk-art.de\/art\/wp-content\/uploads\/2025\/06\/kunstklamotte-buewi-KuS-2025-susanne-mueller-koelmel-5s.jpg\" alt=\"\" class=\"wp-image-8156\" srcset=\"https:\/\/smk-art.de\/art\/wp-content\/uploads\/2025\/06\/kunstklamotte-buewi-KuS-2025-susanne-mueller-koelmel-5s.jpg 720w, https:\/\/smk-art.de\/art\/wp-content\/uploads\/2025\/06\/kunstklamotte-buewi-KuS-2025-susanne-mueller-koelmel-5s-225x300.jpg 225w\" sizes=\"auto, (max-width: 720px) 100vw, 720px\" \/><\/a><\/figure>\n\n\n\n<figure class=\"wp-block-image size-large\"><a href=\"https:\/\/smk-art.de\/art\/wp-content\/uploads\/2025\/06\/kunstklamotte-buewi-KuS-2025-susanne-mueller-koelmel-2s.jpg\"><img loading=\"lazy\" decoding=\"async\" width=\"960\" height=\"720\" data-id=\"8153\" src=\"https:\/\/smk-art.de\/art\/wp-content\/uploads\/2025\/06\/kunstklamotte-buewi-KuS-2025-susanne-mueller-koelmel-2s.jpg\" alt=\"\" class=\"wp-image-8153\" srcset=\"https:\/\/smk-art.de\/art\/wp-content\/uploads\/2025\/06\/kunstklamotte-buewi-KuS-2025-susanne-mueller-koelmel-2s.jpg 960w, https:\/\/smk-art.de\/art\/wp-content\/uploads\/2025\/06\/kunstklamotte-buewi-KuS-2025-susanne-mueller-koelmel-2s-300x225.jpg 300w, https:\/\/smk-art.de\/art\/wp-content\/uploads\/2025\/06\/kunstklamotte-buewi-KuS-2025-susanne-mueller-koelmel-2s-768x576.jpg 768w\" sizes=\"auto, (max-width: 960px) 100vw, 960px\" \/><\/a><\/figure>\n\n\n\n<figure class=\"wp-block-image size-large\"><a href=\"https:\/\/smk-art.de\/art\/wp-content\/uploads\/2025\/06\/kunstklamotte-buewi-KuS-2025-susanne-mueller-koelmel-9s.jpg\"><img loading=\"lazy\" decoding=\"async\" width=\"720\" height=\"960\" data-id=\"8160\" src=\"https:\/\/smk-art.de\/art\/wp-content\/uploads\/2025\/06\/kunstklamotte-buewi-KuS-2025-susanne-mueller-koelmel-9s.jpg\" alt=\"\" class=\"wp-image-8160\" srcset=\"https:\/\/smk-art.de\/art\/wp-content\/uploads\/2025\/06\/kunstklamotte-buewi-KuS-2025-susanne-mueller-koelmel-9s.jpg 720w, https:\/\/smk-art.de\/art\/wp-content\/uploads\/2025\/06\/kunstklamotte-buewi-KuS-2025-susanne-mueller-koelmel-9s-225x300.jpg 225w\" sizes=\"auto, (max-width: 720px) 100vw, 720px\" \/><\/a><\/figure>\n\n\n\n<figure class=\"wp-block-image size-large\"><a href=\"https:\/\/smk-art.de\/art\/wp-content\/uploads\/2025\/06\/kunstklamotte-buewi-KuS-2025-susanne-mueller-koelmel-3s.jpg\"><img loading=\"lazy\" decoding=\"async\" width=\"960\" height=\"720\" data-id=\"8154\" src=\"https:\/\/smk-art.de\/art\/wp-content\/uploads\/2025\/06\/kunstklamotte-buewi-KuS-2025-susanne-mueller-koelmel-3s.jpg\" alt=\"\" class=\"wp-image-8154\" srcset=\"https:\/\/smk-art.de\/art\/wp-content\/uploads\/2025\/06\/kunstklamotte-buewi-KuS-2025-susanne-mueller-koelmel-3s.jpg 960w, https:\/\/smk-art.de\/art\/wp-content\/uploads\/2025\/06\/kunstklamotte-buewi-KuS-2025-susanne-mueller-koelmel-3s-300x225.jpg 300w, https:\/\/smk-art.de\/art\/wp-content\/uploads\/2025\/06\/kunstklamotte-buewi-KuS-2025-susanne-mueller-koelmel-3s-768x576.jpg 768w\" sizes=\"auto, (max-width: 960px) 100vw, 960px\" \/><\/a><\/figure>\n<\/figure>\n\n<\/div>\n\t\t<\/div>\n\n<div class=\"wp-block-ub-content-toggle-accordion\" style=\"border-color: #f1f1f1;\" id=\"ub-content-toggle-panel-block-9b8f0599-fa36-457e-ad20-e4420fda7a73\">\n\t\t\t<div class=\"wp-block-ub-content-toggle-accordion-title-wrap\" style=\"background-color: #f1f1f1;\" aria-controls=\"ub-content-toggle-panel-2-eb861f90-c066-4ac2-9295-8624d84f0f13\" tabindex=\"0\">\n\t\t\t<p class=\"wp-block-ub-content-toggle-accordion-title ub-content-toggle-title-eb861f90-c066-4ac2-9295-8624d84f0f13\" style=\"color: #000000; \">EUROPA &#8211; in Vielfalt verwoben<\/p>\n\t\t\t<div class=\"wp-block-ub-content-toggle-accordion-toggle-wrap right\" style=\"color: #000000;\"><span class=\"wp-block-ub-content-toggle-accordion-state-indicator wp-block-ub-chevron-down open\"><\/span><\/div>\n\t\t<\/div>\n\t\t\t<div role=\"region\" aria-expanded=\"true\" class=\"wp-block-ub-content-toggle-accordion-content-wrap\" id=\"ub-content-toggle-panel-2-eb861f90-c066-4ac2-9295-8624d84f0f13\">\n\n<p>Bei dem Kunstprojekt <a href=\"https:\/\/buenkenberg-widdert.de\/aktuelles\/werken-rfmg5-83l4k-zpw9h-myly9-men9c-7mgle-cwyah\" target=\"_blank\" rel=\"noreferrer noopener\">\u201cEuropa &#8211; in Vielfalt verbunden\u201d<\/a> haben 23 Sch\u00fclerinnen und Sch\u00fcler der Klasse 4b aus ihren zun\u00e4chst gemalten Bildern einen Wandteppich zum Thema EUROPA \u201cgewebt\u201d. Aus zuvor auf Leinwandstreifen gemalten Bildern wurde mittels \u201cFreihandweberei\u201d ein etwa vier Quadratmetergro\u00dfer farbenfroher Wandteppich hergestellt. Mit dem \u201cFreundschaftsteppich\u201d wird der Reichtum der Kulturen Europas an der Wand des Schulgeb\u00e4udes ausgebreitet. Die Aktion fand im Rahmen des Projektes des Landes NRW \u201cKultur und Schule\u201d durch die Solinger K\u00fcnstlerin Susanne M\u00fcller-K\u00f6lmel statt.<\/p>\n\n\n\n<figure class=\"wp-block-gallery has-nested-images columns-default is-cropped wp-block-gallery-4 is-layout-flex wp-block-gallery-is-layout-flex\">\n<figure class=\"wp-block-image size-large\"><a href=\"https:\/\/smk-art.de\/art\/wp-content\/uploads\/2024\/06\/01-Atelier-europa-6-2024-susanne-mueller-koelmel-s.jpg\"><img loading=\"lazy\" decoding=\"async\" width=\"960\" height=\"720\" data-id=\"7363\" src=\"https:\/\/smk-art.de\/art\/wp-content\/uploads\/2024\/06\/01-Atelier-europa-6-2024-susanne-mueller-koelmel-s.jpg\" alt=\"\" class=\"wp-image-7363\" srcset=\"https:\/\/smk-art.de\/art\/wp-content\/uploads\/2024\/06\/01-Atelier-europa-6-2024-susanne-mueller-koelmel-s.jpg 960w, https:\/\/smk-art.de\/art\/wp-content\/uploads\/2024\/06\/01-Atelier-europa-6-2024-susanne-mueller-koelmel-s-300x225.jpg 300w, https:\/\/smk-art.de\/art\/wp-content\/uploads\/2024\/06\/01-Atelier-europa-6-2024-susanne-mueller-koelmel-s-768x576.jpg 768w\" sizes=\"auto, (max-width: 960px) 100vw, 960px\" \/><\/a><\/figure>\n\n\n\n<figure class=\"wp-block-image size-large\"><a href=\"https:\/\/smk-art.de\/art\/wp-content\/uploads\/2024\/06\/08-europakunstprojekt-material-susanne-mueller-koelmel-s.jpg\"><img loading=\"lazy\" decoding=\"async\" width=\"960\" height=\"720\" data-id=\"7368\" src=\"https:\/\/smk-art.de\/art\/wp-content\/uploads\/2024\/06\/08-europakunstprojekt-material-susanne-mueller-koelmel-s.jpg\" alt=\"\" class=\"wp-image-7368\" srcset=\"https:\/\/smk-art.de\/art\/wp-content\/uploads\/2024\/06\/08-europakunstprojekt-material-susanne-mueller-koelmel-s.jpg 960w, https:\/\/smk-art.de\/art\/wp-content\/uploads\/2024\/06\/08-europakunstprojekt-material-susanne-mueller-koelmel-s-300x225.jpg 300w, https:\/\/smk-art.de\/art\/wp-content\/uploads\/2024\/06\/08-europakunstprojekt-material-susanne-mueller-koelmel-s-768x576.jpg 768w\" sizes=\"auto, (max-width: 960px) 100vw, 960px\" \/><\/a><\/figure>\n\n\n\n<figure class=\"wp-block-image size-large\"><a href=\"https:\/\/smk-art.de\/art\/wp-content\/uploads\/2024\/06\/06-arbeitsprozess-mischen-europa-susanne-mueller-koelmel-s.jpg\"><img loading=\"lazy\" decoding=\"async\" width=\"720\" height=\"960\" data-id=\"7366\" src=\"https:\/\/smk-art.de\/art\/wp-content\/uploads\/2024\/06\/06-arbeitsprozess-mischen-europa-susanne-mueller-koelmel-s.jpg\" alt=\"\" class=\"wp-image-7366\" srcset=\"https:\/\/smk-art.de\/art\/wp-content\/uploads\/2024\/06\/06-arbeitsprozess-mischen-europa-susanne-mueller-koelmel-s.jpg 720w, https:\/\/smk-art.de\/art\/wp-content\/uploads\/2024\/06\/06-arbeitsprozess-mischen-europa-susanne-mueller-koelmel-s-225x300.jpg 225w\" sizes=\"auto, (max-width: 720px) 100vw, 720px\" \/><\/a><\/figure>\n\n\n\n<figure class=\"wp-block-image size-large\"><a href=\"https:\/\/smk-art.de\/art\/wp-content\/uploads\/2024\/06\/07-arbeitsprozess-mischen-europa-susanne-mueller-koelmel-gr1-s.jpg\"><img loading=\"lazy\" decoding=\"async\" width=\"960\" height=\"673\" data-id=\"7367\" src=\"https:\/\/smk-art.de\/art\/wp-content\/uploads\/2024\/06\/07-arbeitsprozess-mischen-europa-susanne-mueller-koelmel-gr1-s.jpg\" alt=\"\" class=\"wp-image-7367\" srcset=\"https:\/\/smk-art.de\/art\/wp-content\/uploads\/2024\/06\/07-arbeitsprozess-mischen-europa-susanne-mueller-koelmel-gr1-s.jpg 960w, https:\/\/smk-art.de\/art\/wp-content\/uploads\/2024\/06\/07-arbeitsprozess-mischen-europa-susanne-mueller-koelmel-gr1-s-300x210.jpg 300w, https:\/\/smk-art.de\/art\/wp-content\/uploads\/2024\/06\/07-arbeitsprozess-mischen-europa-susanne-mueller-koelmel-gr1-s-768x538.jpg 768w\" sizes=\"auto, (max-width: 960px) 100vw, 960px\" \/><\/a><\/figure>\n\n\n\n<figure class=\"wp-block-image size-large\"><a href=\"https:\/\/smk-art.de\/art\/wp-content\/uploads\/2024\/06\/europa-leinwand-weberei-k-s-2024-susanne-mueller-koelmel-s.jpg\"><img loading=\"lazy\" decoding=\"async\" width=\"945\" height=\"960\" data-id=\"7370\" src=\"https:\/\/smk-art.de\/art\/wp-content\/uploads\/2024\/06\/europa-leinwand-weberei-k-s-2024-susanne-mueller-koelmel-s.jpg\" alt=\"\" class=\"wp-image-7370\" srcset=\"https:\/\/smk-art.de\/art\/wp-content\/uploads\/2024\/06\/europa-leinwand-weberei-k-s-2024-susanne-mueller-koelmel-s.jpg 945w, https:\/\/smk-art.de\/art\/wp-content\/uploads\/2024\/06\/europa-leinwand-weberei-k-s-2024-susanne-mueller-koelmel-s-295x300.jpg 295w, https:\/\/smk-art.de\/art\/wp-content\/uploads\/2024\/06\/europa-leinwand-weberei-k-s-2024-susanne-mueller-koelmel-s-768x780.jpg 768w\" sizes=\"auto, (max-width: 945px) 100vw, 945px\" \/><\/a><\/figure>\n\n\n\n<figure class=\"wp-block-image size-large\"><a href=\"https:\/\/smk-art.de\/art\/wp-content\/uploads\/2024\/06\/europa-in-vielfalt-verwoben-susanne-mueller-koelmel-s.jpg\"><img loading=\"lazy\" decoding=\"async\" width=\"960\" height=\"720\" data-id=\"7369\" src=\"https:\/\/smk-art.de\/art\/wp-content\/uploads\/2024\/06\/europa-in-vielfalt-verwoben-susanne-mueller-koelmel-s.jpg\" alt=\"\" class=\"wp-image-7369\" srcset=\"https:\/\/smk-art.de\/art\/wp-content\/uploads\/2024\/06\/europa-in-vielfalt-verwoben-susanne-mueller-koelmel-s.jpg 960w, https:\/\/smk-art.de\/art\/wp-content\/uploads\/2024\/06\/europa-in-vielfalt-verwoben-susanne-mueller-koelmel-s-300x225.jpg 300w, https:\/\/smk-art.de\/art\/wp-content\/uploads\/2024\/06\/europa-in-vielfalt-verwoben-susanne-mueller-koelmel-s-768x576.jpg 768w\" sizes=\"auto, (max-width: 960px) 100vw, 960px\" \/><\/a><\/figure>\n<\/figure>\n\n<\/div>\n\t\t<\/div>\n\n<div class=\"wp-block-ub-content-toggle-accordion\" style=\"border-color: #f1f1f1;\" id=\"ub-content-toggle-panel-block-c8a7914d-7d39-4eb0-b178-c262822ea89a\">\n\t\t\t<div class=\"wp-block-ub-content-toggle-accordion-title-wrap\" style=\"background-color: #f1f1f1;\" aria-controls=\"ub-content-toggle-panel-3-eb861f90-c066-4ac2-9295-8624d84f0f13\" tabindex=\"0\">\n\t\t\t<p class=\"wp-block-ub-content-toggle-accordion-title ub-content-toggle-title-eb861f90-c066-4ac2-9295-8624d84f0f13\" style=\"color: #000000; \">Kunstwerke entstehen Hand in Hand <\/p>\n\t\t\t<div class=\"wp-block-ub-content-toggle-accordion-toggle-wrap right\" style=\"color: #000000;\"><span class=\"wp-block-ub-content-toggle-accordion-state-indicator wp-block-ub-chevron-down\"><\/span><\/div>\n\t\t<\/div>\n\t\t\t<div role=\"region\" aria-expanded=\"false\" class=\"wp-block-ub-content-toggle-accordion-content-wrap ub-hide\" id=\"ub-content-toggle-panel-3-eb861f90-c066-4ac2-9295-8624d84f0f13\">\n\n<figure class=\"wp-block-gallery has-nested-images columns-default is-cropped wp-block-gallery-5 is-layout-flex wp-block-gallery-is-layout-flex\">\n<figure class=\"wp-block-image size-large\"><a href=\"https:\/\/smk-art.de\/art\/wp-content\/uploads\/2022\/05\/hand-in-hand-schatten-susanne-mueller-koelmel-3.jpg\"><img loading=\"lazy\" decoding=\"async\" width=\"804\" height=\"960\" data-id=\"5740\" src=\"https:\/\/smk-art.de\/art\/wp-content\/uploads\/2022\/05\/hand-in-hand-schatten-susanne-mueller-koelmel-3.jpg\" alt=\"\" class=\"wp-image-5740\" srcset=\"https:\/\/smk-art.de\/art\/wp-content\/uploads\/2022\/05\/hand-in-hand-schatten-susanne-mueller-koelmel-3.jpg 804w, https:\/\/smk-art.de\/art\/wp-content\/uploads\/2022\/05\/hand-in-hand-schatten-susanne-mueller-koelmel-3-251x300.jpg 251w, https:\/\/smk-art.de\/art\/wp-content\/uploads\/2022\/05\/hand-in-hand-schatten-susanne-mueller-koelmel-3-768x917.jpg 768w\" sizes=\"auto, (max-width: 804px) 100vw, 804px\" \/><\/a><\/figure>\n\n\n\n<figure class=\"wp-block-image size-large\"><a href=\"https:\/\/smk-art.de\/art\/wp-content\/uploads\/2022\/05\/hand-in-hand-schatten-susanne-mueller-koelmel-2.jpg\"><img loading=\"lazy\" decoding=\"async\" width=\"871\" height=\"960\" data-id=\"5739\" src=\"https:\/\/smk-art.de\/art\/wp-content\/uploads\/2022\/05\/hand-in-hand-schatten-susanne-mueller-koelmel-2.jpg\" alt=\"\" class=\"wp-image-5739\" srcset=\"https:\/\/smk-art.de\/art\/wp-content\/uploads\/2022\/05\/hand-in-hand-schatten-susanne-mueller-koelmel-2.jpg 871w, https:\/\/smk-art.de\/art\/wp-content\/uploads\/2022\/05\/hand-in-hand-schatten-susanne-mueller-koelmel-2-272x300.jpg 272w, https:\/\/smk-art.de\/art\/wp-content\/uploads\/2022\/05\/hand-in-hand-schatten-susanne-mueller-koelmel-2-768x846.jpg 768w\" sizes=\"auto, (max-width: 871px) 100vw, 871px\" \/><\/a><\/figure>\n\n\n\n<figure class=\"wp-block-image size-large\"><a href=\"https:\/\/smk-art.de\/art\/wp-content\/uploads\/2022\/05\/hand-in-hand-schatten-susanne-mueller-koelmel-1.jpg\"><img loading=\"lazy\" decoding=\"async\" width=\"933\" height=\"960\" data-id=\"5738\" src=\"https:\/\/smk-art.de\/art\/wp-content\/uploads\/2022\/05\/hand-in-hand-schatten-susanne-mueller-koelmel-1.jpg\" alt=\"\" class=\"wp-image-5738\" srcset=\"https:\/\/smk-art.de\/art\/wp-content\/uploads\/2022\/05\/hand-in-hand-schatten-susanne-mueller-koelmel-1.jpg 933w, https:\/\/smk-art.de\/art\/wp-content\/uploads\/2022\/05\/hand-in-hand-schatten-susanne-mueller-koelmel-1-292x300.jpg 292w, https:\/\/smk-art.de\/art\/wp-content\/uploads\/2022\/05\/hand-in-hand-schatten-susanne-mueller-koelmel-1-768x790.jpg 768w\" sizes=\"auto, (max-width: 933px) 100vw, 933px\" \/><\/a><\/figure>\n\n\n\n<figure class=\"wp-block-image size-large\"><a href=\"https:\/\/smk-art.de\/art\/wp-content\/uploads\/2022\/05\/presse-hand-in-hand-21-5-2022-projekt-susanne-mueller-koelmel-s.jpg\"><img loading=\"lazy\" decoding=\"async\" width=\"960\" height=\"865\" data-id=\"5741\" src=\"https:\/\/smk-art.de\/art\/wp-content\/uploads\/2022\/05\/presse-hand-in-hand-21-5-2022-projekt-susanne-mueller-koelmel-s.jpg\" alt=\"\" class=\"wp-image-5741\" srcset=\"https:\/\/smk-art.de\/art\/wp-content\/uploads\/2022\/05\/presse-hand-in-hand-21-5-2022-projekt-susanne-mueller-koelmel-s.jpg 960w, https:\/\/smk-art.de\/art\/wp-content\/uploads\/2022\/05\/presse-hand-in-hand-21-5-2022-projekt-susanne-mueller-koelmel-s-300x270.jpg 300w, https:\/\/smk-art.de\/art\/wp-content\/uploads\/2022\/05\/presse-hand-in-hand-21-5-2022-projekt-susanne-mueller-koelmel-s-768x692.jpg 768w\" sizes=\"auto, (max-width: 960px) 100vw, 960px\" \/><\/a><\/figure>\n<\/figure>\n\n\n\n<p>An der Grundschule B\u00fcnkenberg entstanden im Rahmen des Landesprogramms &#8222;Kultur und Schule&#8220; unter der Leitung der K\u00fcnstlerin Susanne M\u00fcller-K\u00f6lmel farbenfrohe \u00fcberdimensionale Schattenfiguren.<\/p>\n\n<\/div>\n\t\t<\/div>\n<\/div>\n\n<div class=\"wp-block-ub-content-toggle wp-block-ub-content-toggle-block\" id=\"ub-content-toggle-block-277d15f5-fc23-48fd-a79f-9def5d14cb51\" data-mobilecollapse=\"false\" data-desktopcollapse=\"false\" data-preventcollapse=\"false\" data-showonlyone=\"true\">\n<div class=\"wp-block-ub-content-toggle-accordion\" style=\"border-color: #f1f1f1;\" id=\"ub-content-toggle-panel-block-b203080d-de08-4ba9-98ec-41ca48ffbb0c\">\n\t\t\t<div class=\"wp-block-ub-content-toggle-accordion-title-wrap\" style=\"background-color: #f1f1f1;\" aria-controls=\"ub-content-toggle-panel-0-277d15f5-fc23-48fd-a79f-9def5d14cb51\" tabindex=\"0\">\n\t\t\t<p class=\"wp-block-ub-content-toggle-accordion-title ub-content-toggle-title-277d15f5-fc23-48fd-a79f-9def5d14cb51\" style=\"color: #000000; \">Kunstprojekt in der Klingenstadt &#8211; Unterwasserwelt<\/p>\n\t\t\t<div class=\"wp-block-ub-content-toggle-accordion-toggle-wrap right\" style=\"color: #000000;\"><span class=\"wp-block-ub-content-toggle-accordion-state-indicator wp-block-ub-chevron-down open\"><\/span><\/div>\n\t\t<\/div>\n\t\t\t<div role=\"region\" aria-expanded=\"true\" class=\"wp-block-ub-content-toggle-accordion-content-wrap\" id=\"ub-content-toggle-panel-0-277d15f5-fc23-48fd-a79f-9def5d14cb51\">\n\n<p>Unterwasserwelt f\u00fcr Solinger Gemeinschaftsgrundschule Sch\u00fctzenstra\u00dfe<\/p>\n\n\n\n<p>Nach einer Ausschreibung im Rahmen des F\u00f6rderprogramms \u201eAnkommen und Aufholen nach Corona\u201c der Landesregierung NRW erhielt Susanne M\u00fcller-K\u00f6lmel den Zuschlag.<\/p>\n\n\n\n<p>Ein ganz neues Raumerlebnis schafft das fast 15 Quadratmeter gro\u00dfe Wandbild, welches die Klasse 4a unter professioneller Anleitung der Bildenden K\u00fcnstlerin Susanne M\u00fcller-K\u00f6lmel im Treppenhaus der <a href=\"http:\/\/grundschule-sch%C3%BCtzenstrasse.de\/aktionen\/\" target=\"_blank\" rel=\"noreferrer noopener\">Gemeinschaftsgrundschule Sch\u00fctzenstra\u00dfe<\/a> realisierte. Durch die T\u00fcr im Wandbild gelangen nun auch zuk\u00fcnftige Sch\u00fclerinnen und Sch\u00fcler zu ihren Klassenr\u00e4umen.<\/p>\n\n\n\n<p>Das Ergebnis ist ein wirkliches Gemeinschaftswerk, welches pandemiebedingte Defizite bei Sch\u00fclerinnen und Sch\u00fclern ausgleichen konnte. Das Gemeinschaftsgef\u00fchl wurde gest\u00e4rkt. \u201eDie Zusammenarbeit [\u2026] war hervorragend\u201c, betont der Klassenlehrer Lars Hoos.<\/p>\n\n\n\n<p>Die Kinder lernten nicht nur den technischen Umgang mit Acrylfarben, sie \u00fcbten Farbmischungen und Farbmodulationen direkt in der produktiven Arbeitsphase an der Wand. Auch die beiden ukrainischen Kinder waren mit minimaler verbaler Verst\u00e4ndigung voll integriert.<\/p>\n\n\n\n<p>(Textausz\u00fcge aus dem Pressebericht der Solinger Morgenpost vom 12.11.2022, G. Schneider-Mombaur)<\/p>\n\n\n\n<figure class=\"wp-block-gallery has-nested-images columns-default is-cropped wp-block-gallery-6 is-layout-flex wp-block-gallery-is-layout-flex\">\n<figure class=\"wp-block-image size-large\"><a href=\"https:\/\/smk-art.de\/art\/wp-content\/uploads\/2022\/11\/unterwasserwelt-kunstprojekt-gs-schuetzenstr-susanne-mueller-koelmel-11.jpg\"><img loading=\"lazy\" decoding=\"async\" width=\"960\" height=\"720\" data-id=\"6025\" src=\"https:\/\/smk-art.de\/art\/wp-content\/uploads\/2022\/11\/unterwasserwelt-kunstprojekt-gs-schuetzenstr-susanne-mueller-koelmel-11.jpg\" alt=\"\" class=\"wp-image-6025\" srcset=\"https:\/\/smk-art.de\/art\/wp-content\/uploads\/2022\/11\/unterwasserwelt-kunstprojekt-gs-schuetzenstr-susanne-mueller-koelmel-11.jpg 960w, https:\/\/smk-art.de\/art\/wp-content\/uploads\/2022\/11\/unterwasserwelt-kunstprojekt-gs-schuetzenstr-susanne-mueller-koelmel-11-300x225.jpg 300w, https:\/\/smk-art.de\/art\/wp-content\/uploads\/2022\/11\/unterwasserwelt-kunstprojekt-gs-schuetzenstr-susanne-mueller-koelmel-11-768x576.jpg 768w\" sizes=\"auto, (max-width: 960px) 100vw, 960px\" \/><\/a><\/figure>\n\n\n\n<figure class=\"wp-block-image size-large\"><a href=\"https:\/\/smk-art.de\/art\/wp-content\/uploads\/2022\/11\/unterwasserwelt-kunstprojekt-gs-schuetzenstr-susanne-mueller-koelmel-klassenraum.jpg\"><img loading=\"lazy\" decoding=\"async\" width=\"960\" height=\"720\" data-id=\"6026\" src=\"https:\/\/smk-art.de\/art\/wp-content\/uploads\/2022\/11\/unterwasserwelt-kunstprojekt-gs-schuetzenstr-susanne-mueller-koelmel-klassenraum.jpg\" alt=\"\" class=\"wp-image-6026\" srcset=\"https:\/\/smk-art.de\/art\/wp-content\/uploads\/2022\/11\/unterwasserwelt-kunstprojekt-gs-schuetzenstr-susanne-mueller-koelmel-klassenraum.jpg 960w, https:\/\/smk-art.de\/art\/wp-content\/uploads\/2022\/11\/unterwasserwelt-kunstprojekt-gs-schuetzenstr-susanne-mueller-koelmel-klassenraum-300x225.jpg 300w, https:\/\/smk-art.de\/art\/wp-content\/uploads\/2022\/11\/unterwasserwelt-kunstprojekt-gs-schuetzenstr-susanne-mueller-koelmel-klassenraum-768x576.jpg 768w\" sizes=\"auto, (max-width: 960px) 100vw, 960px\" \/><\/a><\/figure>\n\n\n\n<figure class=\"wp-block-image size-large\"><a href=\"https:\/\/smk-art.de\/art\/wp-content\/uploads\/2022\/11\/unterwasserwelt-kunstprojekt-gs-schuetzenstr-susanne-mueller-koelmel-3.jpg\"><img loading=\"lazy\" decoding=\"async\" width=\"960\" height=\"720\" data-id=\"6017\" src=\"https:\/\/smk-art.de\/art\/wp-content\/uploads\/2022\/11\/unterwasserwelt-kunstprojekt-gs-schuetzenstr-susanne-mueller-koelmel-3.jpg\" alt=\"\" class=\"wp-image-6017\" srcset=\"https:\/\/smk-art.de\/art\/wp-content\/uploads\/2022\/11\/unterwasserwelt-kunstprojekt-gs-schuetzenstr-susanne-mueller-koelmel-3.jpg 960w, https:\/\/smk-art.de\/art\/wp-content\/uploads\/2022\/11\/unterwasserwelt-kunstprojekt-gs-schuetzenstr-susanne-mueller-koelmel-3-300x225.jpg 300w, https:\/\/smk-art.de\/art\/wp-content\/uploads\/2022\/11\/unterwasserwelt-kunstprojekt-gs-schuetzenstr-susanne-mueller-koelmel-3-768x576.jpg 768w\" sizes=\"auto, (max-width: 960px) 100vw, 960px\" \/><\/a><\/figure>\n\n\n\n<figure class=\"wp-block-image size-large\"><a href=\"https:\/\/smk-art.de\/art\/wp-content\/uploads\/2022\/11\/unterwasserwelt-kunstprojekt-gs-schuetzenstr-susanne-mueller-koelmel-1.jpg\"><img loading=\"lazy\" decoding=\"async\" width=\"960\" height=\"720\" data-id=\"6015\" src=\"https:\/\/smk-art.de\/art\/wp-content\/uploads\/2022\/11\/unterwasserwelt-kunstprojekt-gs-schuetzenstr-susanne-mueller-koelmel-1.jpg\" alt=\"\" class=\"wp-image-6015\" srcset=\"https:\/\/smk-art.de\/art\/wp-content\/uploads\/2022\/11\/unterwasserwelt-kunstprojekt-gs-schuetzenstr-susanne-mueller-koelmel-1.jpg 960w, https:\/\/smk-art.de\/art\/wp-content\/uploads\/2022\/11\/unterwasserwelt-kunstprojekt-gs-schuetzenstr-susanne-mueller-koelmel-1-300x225.jpg 300w, https:\/\/smk-art.de\/art\/wp-content\/uploads\/2022\/11\/unterwasserwelt-kunstprojekt-gs-schuetzenstr-susanne-mueller-koelmel-1-768x576.jpg 768w\" sizes=\"auto, (max-width: 960px) 100vw, 960px\" \/><\/a><\/figure>\n\n\n\n<figure class=\"wp-block-image size-large\"><a href=\"https:\/\/smk-art.de\/art\/wp-content\/uploads\/2022\/11\/unterwasserwelt-kunstprojekt-gs-schuetzenstr-susanne-mueller-koelmel-5.jpg\"><img loading=\"lazy\" decoding=\"async\" width=\"960\" height=\"720\" data-id=\"6019\" src=\"https:\/\/smk-art.de\/art\/wp-content\/uploads\/2022\/11\/unterwasserwelt-kunstprojekt-gs-schuetzenstr-susanne-mueller-koelmel-5.jpg\" alt=\"\" class=\"wp-image-6019\" srcset=\"https:\/\/smk-art.de\/art\/wp-content\/uploads\/2022\/11\/unterwasserwelt-kunstprojekt-gs-schuetzenstr-susanne-mueller-koelmel-5.jpg 960w, https:\/\/smk-art.de\/art\/wp-content\/uploads\/2022\/11\/unterwasserwelt-kunstprojekt-gs-schuetzenstr-susanne-mueller-koelmel-5-300x225.jpg 300w, https:\/\/smk-art.de\/art\/wp-content\/uploads\/2022\/11\/unterwasserwelt-kunstprojekt-gs-schuetzenstr-susanne-mueller-koelmel-5-768x576.jpg 768w\" sizes=\"auto, (max-width: 960px) 100vw, 960px\" \/><\/a><\/figure>\n\n\n\n<figure class=\"wp-block-image size-large\"><a href=\"https:\/\/smk-art.de\/art\/wp-content\/uploads\/2022\/11\/unterwasserwelt-kunstprojekt-gs-schuetzenstr-susanne-mueller-koelmel-7.jpg\"><img loading=\"lazy\" decoding=\"async\" width=\"960\" height=\"720\" data-id=\"6021\" src=\"https:\/\/smk-art.de\/art\/wp-content\/uploads\/2022\/11\/unterwasserwelt-kunstprojekt-gs-schuetzenstr-susanne-mueller-koelmel-7.jpg\" alt=\"\" class=\"wp-image-6021\" srcset=\"https:\/\/smk-art.de\/art\/wp-content\/uploads\/2022\/11\/unterwasserwelt-kunstprojekt-gs-schuetzenstr-susanne-mueller-koelmel-7.jpg 960w, https:\/\/smk-art.de\/art\/wp-content\/uploads\/2022\/11\/unterwasserwelt-kunstprojekt-gs-schuetzenstr-susanne-mueller-koelmel-7-300x225.jpg 300w, https:\/\/smk-art.de\/art\/wp-content\/uploads\/2022\/11\/unterwasserwelt-kunstprojekt-gs-schuetzenstr-susanne-mueller-koelmel-7-768x576.jpg 768w\" sizes=\"auto, (max-width: 960px) 100vw, 960px\" \/><\/a><\/figure>\n\n\n\n<figure class=\"wp-block-image size-large\"><a href=\"https:\/\/smk-art.de\/art\/wp-content\/uploads\/2022\/11\/wandgemaelde-unterwasserwelt-susanne-mueller-koelmel.jpg\"><img loading=\"lazy\" decoding=\"async\" width=\"960\" height=\"752\" data-id=\"6029\" src=\"https:\/\/smk-art.de\/art\/wp-content\/uploads\/2022\/11\/wandgemaelde-unterwasserwelt-susanne-mueller-koelmel.jpg\" alt=\"\" class=\"wp-image-6029\" srcset=\"https:\/\/smk-art.de\/art\/wp-content\/uploads\/2022\/11\/wandgemaelde-unterwasserwelt-susanne-mueller-koelmel.jpg 960w, https:\/\/smk-art.de\/art\/wp-content\/uploads\/2022\/11\/wandgemaelde-unterwasserwelt-susanne-mueller-koelmel-300x235.jpg 300w, https:\/\/smk-art.de\/art\/wp-content\/uploads\/2022\/11\/wandgemaelde-unterwasserwelt-susanne-mueller-koelmel-768x602.jpg 768w\" sizes=\"auto, (max-width: 960px) 100vw, 960px\" \/><\/a><\/figure>\n\n\n\n<figure class=\"wp-block-image size-large\"><a href=\"https:\/\/smk-art.de\/art\/wp-content\/uploads\/2022\/11\/presse-mp-gsm-unterwasserwelt-kunstprojekt-susnne-mueller-koelmeljpg-s.jpg\"><img loading=\"lazy\" decoding=\"async\" width=\"960\" height=\"918\" data-id=\"6014\" src=\"https:\/\/smk-art.de\/art\/wp-content\/uploads\/2022\/11\/presse-mp-gsm-unterwasserwelt-kunstprojekt-susnne-mueller-koelmeljpg-s.jpg\" alt=\"\" class=\"wp-image-6014\" srcset=\"https:\/\/smk-art.de\/art\/wp-content\/uploads\/2022\/11\/presse-mp-gsm-unterwasserwelt-kunstprojekt-susnne-mueller-koelmeljpg-s.jpg 960w, https:\/\/smk-art.de\/art\/wp-content\/uploads\/2022\/11\/presse-mp-gsm-unterwasserwelt-kunstprojekt-susnne-mueller-koelmeljpg-s-300x287.jpg 300w, https:\/\/smk-art.de\/art\/wp-content\/uploads\/2022\/11\/presse-mp-gsm-unterwasserwelt-kunstprojekt-susnne-mueller-koelmeljpg-s-768x734.jpg 768w\" sizes=\"auto, (max-width: 960px) 100vw, 960px\" \/><\/a><\/figure>\n<\/figure>\n\n<\/div>\n\t\t<\/div>\n<\/div>\n\n<div class=\"wp-block-ub-content-toggle wp-block-ub-content-toggle-block\" id=\"ub-content-toggle-block-f57325e8-36b6-4617-bf82-254aa99788cc\" data-mobilecollapse=\"false\" data-desktopcollapse=\"true\" data-preventcollapse=\"false\" data-showonlyone=\"true\">\n<div class=\"wp-block-ub-content-toggle-accordion\" style=\"border-color: #f1f1f1;\" id=\"ub-content-toggle-panel-block-ab2b3562-392f-46cd-8df2-5f9e3c717d1a\">\n\t\t\t<div class=\"wp-block-ub-content-toggle-accordion-title-wrap\" style=\"background-color: #f1f1f1;\" aria-controls=\"ub-content-toggle-panel-0-f57325e8-36b6-4617-bf82-254aa99788cc\" tabindex=\"0\">\n\t\t\t<p class=\"wp-block-ub-content-toggle-accordion-title ub-content-toggle-title-f57325e8-36b6-4617-bf82-254aa99788cc\" style=\"color: #000000; \">Projektbeispiele (Auswahl)<\/p>\n\t\t\t<div class=\"wp-block-ub-content-toggle-accordion-toggle-wrap right\" style=\"color: #000000;\"><span class=\"wp-block-ub-content-toggle-accordion-state-indicator wp-block-ub-chevron-down\"><\/span><\/div>\n\t\t<\/div>\n\t\t\t<div role=\"region\" aria-expanded=\"false\" class=\"wp-block-ub-content-toggle-accordion-content-wrap ub-hide\" id=\"ub-content-toggle-panel-0-f57325e8-36b6-4617-bf82-254aa99788cc\">\n\n<figure class=\"wp-block-image size-full\"><img loading=\"lazy\" decoding=\"async\" width=\"826\" height=\"960\" src=\"https:\/\/smk-art.de\/art\/wp-content\/uploads\/2022\/10\/kunstprojekte-mit-kindern-susanne-mueller-koelmel-c.jpg\" alt=\"\" class=\"wp-image-5977\" srcset=\"https:\/\/smk-art.de\/art\/wp-content\/uploads\/2022\/10\/kunstprojekte-mit-kindern-susanne-mueller-koelmel-c.jpg 826w, https:\/\/smk-art.de\/art\/wp-content\/uploads\/2022\/10\/kunstprojekte-mit-kindern-susanne-mueller-koelmel-c-258x300.jpg 258w, https:\/\/smk-art.de\/art\/wp-content\/uploads\/2022\/10\/kunstprojekte-mit-kindern-susanne-mueller-koelmel-c-768x893.jpg 768w\" sizes=\"auto, (max-width: 826px) 100vw, 826px\" \/><\/figure>\n\n\n\n<p>2012, 2013, 2014, 2015, 2016, 2017, 2018, 2019, 2020, 2021, 2022, 2023 Kultur und Schule, sowie Kulturrucksack, Landesprogramme NRW<\/p>\n\n<\/div>\n\t\t<\/div>\n<\/div>","protected":false},"excerpt":{"rendered":"<p>Im Rahmen verschiedener Landesprogramme, z.B. &#8222;Kultur und Schule&#8220;, nehme ich regelm\u00e4\u00dfig an von der Landesregierung NRW unterst\u00fctzten Kunstprojekten f\u00fcr Kinder und Jugendliche teil. So erhalten die jungen Menschen unabh\u00e4ngig von ihrem famili\u00e4ren und sozialen Hintergrund Zugang zu kultureller Bildung. Eine unabh\u00e4ngige Jury pr\u00fcft jedes Jahr die neuen Projektantr\u00e4ge. In den letzten Jahrzehnten habe ich an [&hellip;]<\/p>\n","protected":false},"author":2,"featured_media":0,"parent":0,"menu_order":0,"comment_status":"closed","ping_status":"closed","template":"","meta":{"_uag_custom_page_level_css":"","pgc_sgb_lightbox_settings":"","ocean_post_layout":"","ocean_both_sidebars_style":"","ocean_both_sidebars_content_width":0,"ocean_both_sidebars_sidebars_width":0,"ocean_sidebar":"0","ocean_second_sidebar":"0","ocean_disable_margins":"enable","ocean_add_body_class":"","ocean_shortcode_before_top_bar":"","ocean_shortcode_after_top_bar":"","ocean_shortcode_before_header":"","ocean_shortcode_after_header":"","ocean_has_shortcode":"","ocean_shortcode_after_title":"","ocean_shortcode_before_footer_widgets":"","ocean_shortcode_after_footer_widgets":"","ocean_shortcode_before_footer_bottom":"","ocean_shortcode_after_footer_bottom":"","ocean_display_top_bar":"default","ocean_display_header":"default","ocean_header_style":"","ocean_center_header_left_menu":"0","ocean_custom_header_template":"0","ocean_custom_logo":0,"ocean_custom_retina_logo":0,"ocean_custom_logo_max_width":0,"ocean_custom_logo_tablet_max_width":0,"ocean_custom_logo_mobile_max_width":0,"ocean_custom_logo_max_height":0,"ocean_custom_logo_tablet_max_height":0,"ocean_custom_logo_mobile_max_height":0,"ocean_header_custom_menu":"0","ocean_menu_typo_font_family":"0","ocean_menu_typo_font_subset":"","ocean_menu_typo_font_size":0,"ocean_menu_typo_font_size_tablet":0,"ocean_menu_typo_font_size_mobile":0,"ocean_menu_typo_font_size_unit":"px","ocean_menu_typo_font_weight":"","ocean_menu_typo_font_weight_tablet":"","ocean_menu_typo_font_weight_mobile":"","ocean_menu_typo_transform":"","ocean_menu_typo_transform_tablet":"","ocean_menu_typo_transform_mobile":"","ocean_menu_typo_line_height":0,"ocean_menu_typo_line_height_tablet":0,"ocean_menu_typo_line_height_mobile":0,"ocean_menu_typo_line_height_unit":"","ocean_menu_typo_spacing":0,"ocean_menu_typo_spacing_tablet":0,"ocean_menu_typo_spacing_mobile":0,"ocean_menu_typo_spacing_unit":"","ocean_menu_link_color":"","ocean_menu_link_color_hover":"","ocean_menu_link_color_active":"","ocean_menu_link_background":"","ocean_menu_link_hover_background":"","ocean_menu_link_active_background":"","ocean_menu_social_links_bg":"","ocean_menu_social_hover_links_bg":"","ocean_menu_social_links_color":"","ocean_menu_social_hover_links_color":"","ocean_disable_title":"default","ocean_disable_heading":"default","ocean_post_title":"","ocean_post_subheading":"","ocean_post_title_style":"","ocean_post_title_background_color":"","ocean_post_title_background":0,"ocean_post_title_bg_image_position":"","ocean_post_title_bg_image_attachment":"","ocean_post_title_bg_image_repeat":"","ocean_post_title_bg_image_size":"","ocean_post_title_height":0,"ocean_post_title_bg_overlay":0.5,"ocean_post_title_bg_overlay_color":"","ocean_disable_breadcrumbs":"default","ocean_breadcrumbs_color":"","ocean_breadcrumbs_separator_color":"","ocean_breadcrumbs_links_color":"","ocean_breadcrumbs_links_hover_color":"","ocean_display_footer_widgets":"default","ocean_display_footer_bottom":"default","ocean_custom_footer_template":"0","footnotes":""},"class_list":["post-5736","page","type-page","status-publish","hentry","entry"],"featured_image_src":null,"uagb_featured_image_src":{"full":false,"thumbnail":false,"medium":false,"medium_large":false,"large":false,"1536x1536":false,"2048x2048":false,"ocean-thumb-m":false,"ocean-thumb-ml":false,"ocean-thumb-l":false},"uagb_author_info":{"display_name":"Susanne M\u00fcller-K\u00f6lmel","author_link":"https:\/\/smk-art.de\/art\/author\/susanne\/"},"uagb_comment_info":0,"uagb_excerpt":"Im Rahmen verschiedener Landesprogramme, z.B. &#8222;Kultur und Schule&#8220;, nehme ich regelm\u00e4\u00dfig an von der Landesregierung NRW unterst\u00fctzten Kunstprojekten f\u00fcr Kinder und Jugendliche teil. So erhalten die jungen Menschen unabh\u00e4ngig von ihrem famili\u00e4ren und sozialen Hintergrund Zugang zu kultureller Bildung. Eine unabh\u00e4ngige Jury pr\u00fcft jedes Jahr die neuen Projektantr\u00e4ge. In den letzten Jahrzehnten habe ich an&hellip;","_links":{"self":[{"href":"https:\/\/smk-art.de\/art\/wp-json\/wp\/v2\/pages\/5736","targetHints":{"allow":["GET"]}}],"collection":[{"href":"https:\/\/smk-art.de\/art\/wp-json\/wp\/v2\/pages"}],"about":[{"href":"https:\/\/smk-art.de\/art\/wp-json\/wp\/v2\/types\/page"}],"author":[{"embeddable":true,"href":"https:\/\/smk-art.de\/art\/wp-json\/wp\/v2\/users\/2"}],"replies":[{"embeddable":true,"href":"https:\/\/smk-art.de\/art\/wp-json\/wp\/v2\/comments?post=5736"}],"version-history":[{"count":22,"href":"https:\/\/smk-art.de\/art\/wp-json\/wp\/v2\/pages\/5736\/revisions"}],"predecessor-version":[{"id":8750,"href":"https:\/\/smk-art.de\/art\/wp-json\/wp\/v2\/pages\/5736\/revisions\/8750"}],"wp:attachment":[{"href":"https:\/\/smk-art.de\/art\/wp-json\/wp\/v2\/media?parent=5736"}],"curies":[{"name":"wp","href":"https:\/\/api.w.org\/{rel}","templated":true}]}}